{"id":602,"date":"2016-07-16T14:40:28","date_gmt":"2016-07-16T14:40:28","guid":{"rendered":"http:\/\/kunzli.ch\/accueil\/?page_id=602"},"modified":"2024-03-12T09:01:03","modified_gmt":"2024-03-12T09:01:03","slug":"lavagede-route","status":"publish","type":"page","link":"https:\/\/kunzli.ch\/accueil\/lavagede-route\/","title":{"rendered":"LAVAGE<br>DE ROUTE"},"content":{"rendered":"<h2>Lavage des routes et espaces publics<\/h2>\n<p>KUNZLI est le partenaire privil\u00e9gi\u00e9 des communes et des collectivit\u00e9s en Suisse romande. Nous garantissons des prestations de premier ordre pour le lavage et l\u2019entretien des routes. Gr\u00e2ce \u00e0 nos v\u00e9hicules de lavage \u00e0 pression d\u2019eau munis d\u2019une rampe orientable, nos sp\u00e9cialistes assurent une maintenance r\u00e9guli\u00e8re et professionnelle des espaces publics.<\/p>\n","protected":false},"excerpt":{"rendered":"Lavage des routes et espaces publics KUNZLI est le partenaire privil\u00e9gi\u00e9 des communes et des collectivit\u00e9s en Suisse romande. Nous garantissons des prestations de premier ordre pour le lavage et l\u2019entretien des routes. Gr\u00e2ce \u00e0 nos v\u00e9hicules de lavage \u00e0 pression d\u2019eau munis d\u2019une rampe orientable, nos sp\u00e9cialistes assurent une maintenance r\u00e9guli\u00e8re et professionnelle des&#8230; <a class=\"view-article\" href=\"https:\/\/kunzli.ch\/accueil\/lavagede-route\/\"><\/a>","protected":false},"author":1,"featured_media":0,"parent":0,"menu_order":0,"comment_status":"closed","ping_status":"closed","template":"page-collectivites.php","meta":{"_acf_changed":false,"footnotes":""},"class_list":["post-602","page","type-page","status-publish","hentry"],"acf":[],"_links":{"self":[{"href":"https:\/\/kunzli.ch\/accueil\/wp-json\/wp\/v2\/pages\/602","targetHints":{"allow":["GET"]}}],"collection":[{"href":"https:\/\/kunzli.ch\/accueil\/wp-json\/wp\/v2\/pages"}],"about":[{"href":"https:\/\/kunzli.ch\/accueil\/wp-json\/wp\/v2\/types\/page"}],"author":[{"embeddable":true,"href":"https:\/\/kunzli.ch\/accueil\/wp-json\/wp\/v2\/users\/1"}],"replies":[{"embeddable":true,"href":"https:\/\/kunzli.ch\/accueil\/wp-json\/wp\/v2\/comments?post=602"}],"version-history":[{"count":4,"href":"https:\/\/kunzli.ch\/accueil\/wp-json\/wp\/v2\/pages\/602\/revisions"}],"predecessor-version":[{"id":793,"href":"https:\/\/kunzli.ch\/accueil\/wp-json\/wp\/v2\/pages\/602\/revisions\/793"}],"wp:attachment":[{"href":"https:\/\/kunzli.ch\/accueil\/wp-json\/wp\/v2\/media?parent=602"}],"curies":[{"name":"wp","href":"https:\/\/api.w.org\/{rel}","templated":true}]}}